{"id":1438,"date":"2018-08-17T13:49:02","date_gmt":"2018-08-17T11:49:02","guid":{"rendered":"https:\/\/www.arjenholterman.nl\/?page_id=1438"},"modified":"2021-02-21T13:38:57","modified_gmt":"2021-02-21T12:38:57","slug":"villa-media-nieuws","status":"publish","type":"page","link":"https:\/\/www.arjenholterman.nl\/?page_id=1438","title":{"rendered":"Villamedia Nieuws"},"content":{"rendered":"<div class=\"feedzy-f2311f3a3cb6220ce0fa9d44d6a74c58 feedzy-rss\"><div class=\"rss_header\"><h2><a href=\"https:\/\/www.villamedia.nl\/\" class=\"rss_title\" rel=\"noopener\">Nieuws \/ Villamedia<\/a> <span class=\"rss_description\"> Villamedia vaknieuws<\/span><\/h2><\/div><ul><li  style=\"padding: 15px 0 25px\" class=\"rss_item\"><div class=\"rss_image\" style=\"width:150px; height:150px;\"><a href=\"https:\/\/www.villamedia.nl\/artikel\/omroep-max-wil-nederlandse-deelname-songfestival-niet-organiseren\" target=\"_blank\" rel=\" noopener\" title=\"Omroep MAX wil Nederlandse deelname songfestival niet organiseren\" style=\"width:150px; height:150px;\"><span class=\"default\" style=\"background-image:url(\/images\/butterfly-512.png);\" title=\"Omroep MAX wil Nederlandse deelname songfestival niet organiseren\"><\/span><amp-img width=\"150\" height=\"150\" src=\"\/images\/butterfly-512.png\"><\/a><\/div><span class=\"title\"><a href=\"https:\/\/www.villamedia.nl\/artikel\/omroep-max-wil-nederlandse-deelname-songfestival-niet-organiseren\" target=\"_blank\" rel=\" noopener\">Omroep MAX wil Nederlandse deelname songfestival niet organiseren<\/a><\/span><div class=\"rss_content\" style=\"\"><small>by <a href=\"\/\/www.villamedia.nl\" target=\"_blank\" title=\"www.villamedia.nl\">noreply@villamedia.nl<\/a> on 2 September 2026 at 05:07 <\/small><p>Omroep MAX wil de Nederlandse deelname aan het Eurovisie Songfestival 2027 niet organiseren. Dat heeft omroepbaas Jan Slagter dinsdag gezegd in de talkshow Renze op RTL 4.Eerder gaf Omroep MAX aan wel interesse te hebben deze rol over te nemen als AVROTROS\u2026<\/p><\/div><\/li><li  style=\"padding: 15px 0 25px\" class=\"rss_item\"><div class=\"rss_image\" style=\"width:150px; height:150px;\"><a href=\"https:\/\/www.villamedia.nl\/artikel\/presentator-stef-biemans-over-einde-metropolis-dat-we-door-hun-ogen-mogen-kijken-dat-voelt-als-een-cadeautje\" target=\"_blank\" rel=\" noopener\" title=\"Presentator Stef Biemans over einde Metropolis: 'Dat we door hun ogen mogen kijken voelt als een cadeautje'\" style=\"width:150px; height:150px;\"><span class=\"default\" style=\"background-image:url(\/images\/butterfly-512.png);\" title=\"Presentator Stef Biemans over einde Metropolis: &#039;Dat we door hun ogen mogen kijken voelt als een cadeautje&#039;\"><\/span><amp-img width=\"150\" height=\"150\" src=\"\/images\/butterfly-512.png\"><\/a><\/div><span class=\"title\"><a href=\"https:\/\/www.villamedia.nl\/artikel\/presentator-stef-biemans-over-einde-metropolis-dat-we-door-hun-ogen-mogen-kijken-dat-voelt-als-een-cadeautje\" target=\"_blank\" rel=\" noopener\">Presentator Stef Biemans over einde Metropolis: 'Dat we door hun ogen mogen kijken voelt als een cadeautje'<\/a><\/span><div class=\"rss_content\" style=\"\"><small>by <a href=\"\/\/www.villamedia.nl\" target=\"_blank\" title=\"www.villamedia.nl\">noreply@villamedia.nl<\/a> on 2 September 2026 at 05:00 <\/small><p>Komende zondag start het laatste seizoen van Metropolis, het internationale programma waarbij lokale correspondenten ons laten meekijken in hun wereld. Het is een van de programma's die sneuvelen in de bezuinigingsoperatie bij de Nederlandse Publieke\u2026<\/p><\/div><\/li><li  style=\"padding: 15px 0 25px\" class=\"rss_item\"><div class=\"rss_image\" style=\"width:150px; height:150px;\"><a href=\"https:\/\/www.villamedia.nl\/artikel\/cyrine-beune-27-zag-in-coronatijd-de-westerse-blik-op-macht-en-media-je-perspectief-als-journalist-komt-altijd-ergens-vandaan\" target=\"_blank\" rel=\" noopener\" title=\"Cyrine Beune (27) zag in coronatijd de westerse blik op macht en media: 'Je perspectief als journalist komt altijd ergens vandaan'\" style=\"width:150px; height:150px;\"><span class=\"default\" style=\"background-image:url(\/images\/butterfly-512.png);\" title=\"Cyrine Beune (27) zag in coronatijd de westerse blik op macht en media: &#039;Je perspectief als journalist komt altijd ergens vandaan&#039;\"><\/span><amp-img width=\"150\" height=\"150\" src=\"\/images\/butterfly-512.png\"><\/a><\/div><span class=\"title\"><a href=\"https:\/\/www.villamedia.nl\/artikel\/cyrine-beune-27-zag-in-coronatijd-de-westerse-blik-op-macht-en-media-je-perspectief-als-journalist-komt-altijd-ergens-vandaan\" target=\"_blank\" rel=\" noopener\">Cyrine Beune (27) zag in coronatijd de westerse blik op macht en media: 'Je perspectief als journalist komt altijd ergens vandaan'<\/a><\/span><div class=\"rss_content\" style=\"\"><small>by <a href=\"\/\/www.villamedia.nl\" target=\"_blank\" title=\"www.villamedia.nl\">noreply@villamedia.nl<\/a> on 2 September 2026 at 05:00 <\/small><p>Tijdens de pandemie begon een nieuwe generatie journalisten, vanuit een studentenkamer en zonder redactievloer, het vak te leren. Villamedia sprak drie van deze journalisten over hun blik op het vakgebied. In aflevering 2: Cyrine Beune (27) zag in coronatijd\u2026<\/p><\/div><\/li><li  style=\"padding: 15px 0 25px\" class=\"rss_item\"><div class=\"rss_image\" style=\"width:150px; height:150px;\"><a href=\"https:\/\/www.villamedia.nl\/artikel\/hoofdredacteur-joost-niemoeller-weg-bij-ongehoord-nederland\" target=\"_blank\" rel=\" noopener\" title=\"Hoofdredacteur Joost Niem\u00f6ller weg bij Ongehoord Nederland\" style=\"width:150px; height:150px;\"><span class=\"default\" style=\"background-image:url(\/images\/butterfly-512.png);\" title=\"Hoofdredacteur Joost Niem\u00f6ller weg bij Ongehoord Nederland\"><\/span><amp-img width=\"150\" height=\"150\" src=\"\/images\/butterfly-512.png\"><\/a><\/div><span class=\"title\"><a href=\"https:\/\/www.villamedia.nl\/artikel\/hoofdredacteur-joost-niemoeller-weg-bij-ongehoord-nederland\" target=\"_blank\" rel=\" noopener\">Hoofdredacteur Joost Niem\u00f6ller weg bij Ongehoord Nederland<\/a><\/span><div class=\"rss_content\" style=\"\"><small>by <a href=\"\/\/www.villamedia.nl\" target=\"_blank\" title=\"www.villamedia.nl\">noreply@villamedia.nl<\/a> on 1 September 2026 at 08:27 <\/small><p>Hoofdredacteur Joost Niem\u00f6ller gaat weg bij omroep Ongehoord Nederland. De omroep laat op de website weten dat ON! en Niem\u00f6ller hebben besloten de samenwerking per direct te be\u00ebindigen.\"Directe aanleiding is verschil van inzicht over de inhoudelijke\u2026<\/p><\/div><\/li><li  style=\"padding: 15px 0 25px\" class=\"rss_item\"><div class=\"rss_image\" style=\"width:150px; height:150px;\"><a href=\"https:\/\/www.villamedia.nl\/artikel\/ai-report-tientallen-opiniestukken-in-kranten-door-ai-geschreven\" target=\"_blank\" rel=\" noopener\" title=\"AI Report: tientallen opiniestukken in kranten door AI geschreven\" style=\"width:150px; height:150px;\"><span class=\"default\" style=\"background-image:url(\/images\/butterfly-512.png);\" title=\"AI Report: tientallen opiniestukken in kranten door AI geschreven\"><\/span><amp-img width=\"150\" height=\"150\" src=\"\/images\/butterfly-512.png\"><\/a><\/div><span class=\"title\"><a href=\"https:\/\/www.villamedia.nl\/artikel\/ai-report-tientallen-opiniestukken-in-kranten-door-ai-geschreven\" target=\"_blank\" rel=\" noopener\">AI Report: tientallen opiniestukken in kranten door AI geschreven<\/a><\/span><div class=\"rss_content\" style=\"\"><small>by <a href=\"\/\/www.villamedia.nl\" target=\"_blank\" title=\"www.villamedia.nl\">noreply@villamedia.nl<\/a> on 1 September 2026 at 06:04 <\/small><p>Zeker 49 opiniestukken die de afgelopen maand in een aantal grote Nederlandse dagbladen verschenen, zijn volledig door AI geschreven. Dat meldt het nieuwsplatform AI Report van techjournalist Alexander Kl\u00f6pping op basis van eigen onderzoek. Het gaat\u2026<\/p><\/div><\/li><li  style=\"padding: 15px 0 25px\" class=\"rss_item\"><div class=\"rss_image\" style=\"width:150px; height:150px;\"><a href=\"https:\/\/www.villamedia.nl\/artikel\/eerste-ncrv-televisieomroepster-tanja-koen-100-overleden\" target=\"_blank\" rel=\" noopener\" title=\"Eerste NCRV-televisieomroepster Tanja Koen (100) overleden\" style=\"width:150px; height:150px;\"><span class=\"default\" style=\"background-image:url(\/images\/butterfly-512.png);\" title=\"Eerste NCRV-televisieomroepster Tanja Koen (100) overleden\"><\/span><amp-img width=\"150\" height=\"150\" src=\"\/images\/butterfly-512.png\"><\/a><\/div><span class=\"title\"><a href=\"https:\/\/www.villamedia.nl\/artikel\/eerste-ncrv-televisieomroepster-tanja-koen-100-overleden\" target=\"_blank\" rel=\" noopener\">Eerste NCRV-televisieomroepster Tanja Koen (100) overleden<\/a><\/span><div class=\"rss_content\" style=\"\"><small>by <a href=\"\/\/www.villamedia.nl\" target=\"_blank\" title=\"www.villamedia.nl\">noreply@villamedia.nl<\/a> on 1 September 2026 at 05:02 <\/small><p>Tanja Koen, de eerste televisieomroepster van de NCRV, is maandag 24 augustus op 100-jarige leeftijd overleden. Dat heeft de familie maandag bekendgemaakt via de KRO-NCRV. De uitvaart heeft inmiddels in besloten kring plaatsgevonden.Koen werd in 1925\u2026<\/p><\/div><\/li><li  style=\"padding: 15px 0 25px\" class=\"rss_item\"><div class=\"rss_image\" style=\"width:150px; height:150px;\"><a href=\"https:\/\/www.villamedia.nl\/artikel\/sarah-sylbing-over-het-besluit-om-tegenlicht-van-tv-te-halen-medewerkers-hoorden-geen-visie\" target=\"_blank\" rel=\" noopener\" title=\"Sarah Sylbing over het besluit om Tegenlicht van tv te halen: 'Medewerkers hoorden geen visie'\" style=\"width:150px; height:150px;\"><span class=\"default\" style=\"background-image:url(\/images\/butterfly-512.png);\" title=\"Sarah Sylbing over het besluit om Tegenlicht van tv te halen: &#039;Medewerkers hoorden geen visie&#039;\"><\/span><amp-img width=\"150\" height=\"150\" src=\"\/images\/butterfly-512.png\"><\/a><\/div><span class=\"title\"><a href=\"https:\/\/www.villamedia.nl\/artikel\/sarah-sylbing-over-het-besluit-om-tegenlicht-van-tv-te-halen-medewerkers-hoorden-geen-visie\" target=\"_blank\" rel=\" noopener\">Sarah Sylbing over het besluit om Tegenlicht van tv te halen: 'Medewerkers hoorden geen visie'<\/a><\/span><div class=\"rss_content\" style=\"\"><small>by <a href=\"\/\/www.villamedia.nl\" target=\"_blank\" title=\"www.villamedia.nl\">noreply@villamedia.nl<\/a> on 1 September 2026 at 05:00 <\/small><p>Annemiek Leclaire vraagt in het kader van ons project Zelf in Zicht hoe journalisten reflecteren op hun eigen werk. Sarah Sylbing, hoofdredacteur VPRO, kijkt terug op de besluitvorming over het eind van Tegenlicht als tv-programma: \u2018Onderdeel van het\u2026<\/p><\/div><\/li><li  style=\"padding: 15px 0 25px\" class=\"rss_item\"><div class=\"rss_image\" style=\"width:150px; height:150px;\"><a href=\"https:\/\/www.villamedia.nl\/artikel\/ontslagen-medewerkers-van-stars-and-stripes-klagen-pentagon-aan\" target=\"_blank\" rel=\" noopener\" title=\"Ontslagen medewerkers van legerblad Stars and Stripes klagen Pentagon aan\" style=\"width:150px; height:150px;\"><span class=\"default\" style=\"background-image:url(\/images\/butterfly-512.png);\" title=\"Ontslagen medewerkers van legerblad Stars and Stripes klagen Pentagon aan\"><\/span><amp-img width=\"150\" height=\"150\" src=\"\/images\/butterfly-512.png\"><\/a><\/div><span class=\"title\"><a href=\"https:\/\/www.villamedia.nl\/artikel\/ontslagen-medewerkers-van-stars-and-stripes-klagen-pentagon-aan\" target=\"_blank\" rel=\" noopener\">Ontslagen medewerkers van legerblad Stars and Stripes klagen Pentagon aan<\/a><\/span><div class=\"rss_content\" style=\"\"><small>by <a href=\"\/\/www.villamedia.nl\" target=\"_blank\" title=\"www.villamedia.nl\">noreply@villamedia.nl<\/a> on 31 August 2026 at 13:48 <\/small><p>Drie recent ontslagen medewerkers van het onafhankelijke militaire legerblad Stars and Stripes zijn een rechtszaak gestart tegen het Pentagon. Het trio stelt dat ze onrechtmatig zijn ontslagen vanwege persoonlijke uitspraken die worden beschermd door\u2026<\/p><\/div><\/li><li  style=\"padding: 15px 0 25px\" class=\"rss_item\"><div class=\"rss_image\" style=\"width:150px; height:150px;\"><a href=\"https:\/\/www.villamedia.nl\/artikel\/chatgpt-krijgt-te-maken-met-strengere-regels-van-de-europese-commissie\" target=\"_blank\" rel=\" noopener\" title=\"ChatGPT krijgt te maken met strengere regels van de Europese Commissie\" style=\"width:150px; height:150px;\"><span class=\"default\" style=\"background-image:url(\/images\/butterfly-512.png);\" title=\"ChatGPT krijgt te maken met strengere regels van de Europese Commissie\"><\/span><amp-img width=\"150\" height=\"150\" src=\"\/images\/butterfly-512.png\"><\/a><\/div><span class=\"title\"><a href=\"https:\/\/www.villamedia.nl\/artikel\/chatgpt-krijgt-te-maken-met-strengere-regels-van-de-europese-commissie\" target=\"_blank\" rel=\" noopener\">ChatGPT krijgt te maken met strengere regels van de Europese Commissie<\/a><\/span><div class=\"rss_content\" style=\"\"><small>by <a href=\"\/\/www.villamedia.nl\" target=\"_blank\" title=\"www.villamedia.nl\">noreply@villamedia.nl<\/a> on 31 August 2026 at 10:01 <\/small><p>ChatGPT, Reddit en Roblox krijgen te maken met strengere regels van de Europese Commissie. Brussel heeft namelijk bepaald dat de diensten onder de Europese digitale DSA-wet voor grote techbedrijven vallen.Volgens de Commissie is ChatGPT een \"zeer\u2026<\/p><\/div><\/li><li  style=\"padding: 15px 0 25px\" class=\"rss_item\"><div class=\"rss_image\" style=\"width:150px; height:150px;\"><a href=\"https:\/\/www.villamedia.nl\/artikel\/i.m-volkskrant-journalist-wilco-dekker-hij-deed-het-onmogelijke-hij-ontrafelde-het-netwerk-waarin-de-fluisterelite-elkaar-de-bal-toespeelt\" target=\"_blank\" rel=\" noopener\" title=\"I.M. Volkskrant-journalist Wilco Dekker: Hij deed het onmogelijke: hij ontrafelde het netwerk waarin de fluisterelite elkaar de bal toespeelt\" style=\"width:150px; height:150px;\"><span class=\"default\" style=\"background-image:url(\/images\/butterfly-512.png);\" title=\"I.M. Volkskrant-journalist Wilco Dekker: Hij deed het onmogelijke: hij ontrafelde het netwerk waarin de fluisterelite elkaar de bal toespeelt\"><\/span><amp-img width=\"150\" height=\"150\" src=\"\/images\/butterfly-512.png\"><\/a><\/div><span class=\"title\"><a href=\"https:\/\/www.villamedia.nl\/artikel\/i.m-volkskrant-journalist-wilco-dekker-hij-deed-het-onmogelijke-hij-ontrafelde-het-netwerk-waarin-de-fluisterelite-elkaar-de-bal-toespeelt\" target=\"_blank\" rel=\" noopener\">I.M. Volkskrant-journalist Wilco Dekker: Hij deed het onmogelijke: hij ontrafelde het netwerk waarin de fluisterelite elkaar de bal toespeelt<\/a><\/span><div class=\"rss_content\" style=\"\"><small>by <a href=\"\/\/www.villamedia.nl\" target=\"_blank\" title=\"www.villamedia.nl\">noreply@villamedia.nl<\/a> on 31 August 2026 at 09:03 <\/small><p>Economieverslaggever Wilco Dekker is overleden. Hij was jarenlang de drijvende kracht achter toonaangevende producties in de Volkskrant: de Top 200 van meest invloedrijke bestuurders en het salarisoverzicht van topmensen. Hij was verslaggever \u2018in hart\u2026<\/p><\/div><\/li><\/ul> <\/div><style type=\"text\/css\" media=\"all\">.feedzy-rss .rss_item .rss_image{float:left;position:relative;border:none;text-decoration:none;max-width:100%}.feedzy-rss .rss_item .rss_image span{display:inline-block;position:absolute;width:100%;height:100%;background-position:50%;background-size:cover}.feedzy-rss .rss_item .rss_image{margin:.3em 1em 0 0;content-visibility:auto}.feedzy-rss ul{list-style:none}.feedzy-rss ul li{display:inline-block}<\/style>\n","protected":false},"excerpt":{"rendered":"","protected":false},"author":1,"featured_media":0,"parent":0,"menu_order":0,"comment_status":"closed","ping_status":"closed","template":"","meta":{"footnotes":""},"class_list":["post-1438","page","type-page","status-publish","hentry"],"_links":{"self":[{"href":"https:\/\/www.arjenholterman.nl\/index.php?rest_route=\/wp\/v2\/pages\/1438","targetHints":{"allow":["GET"]}}],"collection":[{"href":"https:\/\/www.arjenholterman.nl\/index.php?rest_route=\/wp\/v2\/pages"}],"about":[{"href":"https:\/\/www.arjenholterman.nl\/index.php?rest_route=\/wp\/v2\/types\/page"}],"author":[{"embeddable":true,"href":"https:\/\/www.arjenholterman.nl\/index.php?rest_route=\/wp\/v2\/users\/1"}],"replies":[{"embeddable":true,"href":"https:\/\/www.arjenholterman.nl\/index.php?rest_route=%2Fwp%2Fv2%2Fcomments&post=1438"}],"version-history":[{"count":3,"href":"https:\/\/www.arjenholterman.nl\/index.php?rest_route=\/wp\/v2\/pages\/1438\/revisions"}],"predecessor-version":[{"id":1441,"href":"https:\/\/www.arjenholterman.nl\/index.php?rest_route=\/wp\/v2\/pages\/1438\/revisions\/1441"}],"wp:attachment":[{"href":"https:\/\/www.arjenholterman.nl\/index.php?rest_route=%2Fwp%2Fv2%2Fmedia&parent=1438"}],"curies":[{"name":"wp","href":"https:\/\/api.w.org\/{rel}","templated":true}]}}